{"id":1753,"date":"2021-03-16T10:15:06","date_gmt":"2021-03-16T09:15:06","guid":{"rendered":"https:\/\/www.camping-tournon.fr\/camping-ardeche-verte\/"},"modified":"2021-04-06T16:19:20","modified_gmt":"2021-04-06T14:19:20","slug":"campingplatz-ardeche-verte","status":"publish","type":"page","link":"https:\/\/www.camping-tournon.fr\/de\/campingplatz-ardeche-verte\/","title":{"rendered":"Ardeche verte"},"content":{"rendered":"<section id=\"section-60521d60d4e11\"\" class=\"section bg-white\" \/><div class=\"container extralarge\"><h1 class=\"element section-title center deco-vague m-b-8\">Camping in der gr\u00fcnen Ardeche<\/h1><div class=\"element bloc-text center \">\n\t<p>20 Minuten von Valence, 1 Stunde von Lyon und Grenoble entfernt, grenzt die Ard\u00e8che Verte an die Departements Dr\u00f4me, Haute-Loire und Is\u00e8re.<\/p>\n<\/div><\/div><\/section>\n\n<section id=\"section-60521d60d54ff\"\" class=\"section bg-color3 p-t-0 p-b-0\" \/><div class=\"container full\"><div class=\"colonnes-wrap valign-top p-t-1 p-b-1\"><div class=\"element colonne p-0 mozaique-verticale w-28\"><div class=\"element images scroll-x-mobile\"><div class=\"image\"><img decoding=\"async\" src=\"https:\/\/www.camping-tournon.fr\/wp-content\/uploads\/2021\/03\/train-drome-100x73.jpg\" data-src=\"https:\/\/www.camping-tournon.fr\/wp-content\/uploads\/2021\/03\/train-drome.jpg\" alt=\"train drome\" class=\"images_image p-b-1\" \/><\/div><div class=\"image\"><img decoding=\"async\" src=\"https:\/\/www.camping-tournon.fr\/wp-content\/uploads\/2021\/03\/velorail-100x75.jpg\" data-src=\"https:\/\/www.camping-tournon.fr\/wp-content\/uploads\/2021\/03\/velorail.jpg\" alt=\"velo rail\" class=\"images_image\" \/><\/div><\/div><\/div><div class=\"element colonne p-0 p-l-1 mozaique-verticale w-28\"><div class=\"element images scroll-x-mobile\"><div class=\"image\"><img decoding=\"async\" src=\"https:\/\/www.camping-tournon.fr\/wp-content\/uploads\/2021\/03\/velo-viarhona-1-66x100.jpg\" data-src=\"https:\/\/www.camping-tournon.fr\/wp-content\/uploads\/2021\/03\/velo-viarhona-1.jpg\" alt=\"viarhona tournon\" class=\"images_image\" \/><\/div><\/div><\/div><div class=\"element colonne p-l-4 p-r-8 w-44 valign-self-center\"><h2 class=\"element section-title left inner-h2 gauche\">Pr\u00e4sentation der Ard\u00e8che Verte<\/h2><div class=\"element bloc-text justify \">\n\t<p><strong class=\"bold color1\">L&#8217;Ard\u00e8che Verte<\/strong>, ein vielseitiges Reiseziel. Weinberge, Berge, Fl\u00fcsse, Schluchten, W\u00e4lder.<\/p>\n<p>Wenn wir an die Ard\u00e8che denken, fallen uns Orte wie <strong class=\"bold color1\">Vallon Pont d&#8217;Arc<\/strong> oder die <strong class=\"bold color1\">Grotte Chauvet<\/strong> ein. In Ard\u00e8che Verte bieten wir Ihnen weitere Panoramen. Sie k\u00f6nnen das <strong class=\"bold color1\">Vall\u00e9e du Doux<\/strong> mit dem Ard\u00e8che-Zug und der Velorail besuchen. Mit den Kindern soll ein Entdeckungstag in der Peaugres-Safari geplant werden. <\/p>\n<p>Lust auf ein Erlebnis in der Luft, die <strong class=\"bold color1\">Montgolfi\u00e8res d&#8217;Annonay<\/strong> sind da, um Sie unser Gebiet von oben entdecken zu lassen. Wenn Sie sich mehr f\u00fcr das Radfahren interessieren, laden wir Sie auf die <strong class=\"bold color1\">Viarh\u00f4na<\/strong> ein, eine Fahrradroute, die entlang der Rh\u00f4ne verl\u00e4uft.<\/p>\n<p>Wenn Sie Lust auf eine <strong class=\"bold color1\">unvergessliche<\/strong> 2-Tages-Tour haben, die Dampfzug und Fahrrad kombiniert, k\u00f6nnen Sie mit der Dolce-via eine Schleife durch das <strong class=\"bold color1\">Eyrieux-Tal<\/strong> (Tournon sur Rh\u00f4ne \/ Lamastre \/ Le Cheylard \/ La Voulte sur Rh\u00f4ne) machen.<\/p>\n<p>F\u00fcr einen Tag, bei 1 h 30 Fahrt, k\u00f6nnen Sie eine <strong class=\"bold color1\">Abfahrt der Ard\u00e8che mit dem Kanu<\/strong> machen und die Sehensw\u00fcrdigkeiten wie Vallon Pont d&#8217;Arc und Ruoms besuchen. Nutzen Sie die Gelegenheit und sehen Sie sich die <strong class=\"bold color1\">Nachbildung der Chauvet-H\u00f6hle<\/strong> an.<\/p>\n<p>Aubenas, Privas, Sie haben vielleicht schon davon geh\u00f6rt? Es ist die Pr\u00e4fektur und Unterpr\u00e4fektur der Ard\u00e8che. Wenn Sie Lust haben, einen Nachmittag oder Abend im Casino zu verbringen, bietet Ihnen das <strong class=\"bold color1\">Thermal Resort von Vals les Bains<\/strong> diese M\u00f6glichkeit.<\/p>\n<\/div><\/div><\/div><\/div><\/section>\n\n<section id=\"section-60521d60d57ac\"\" class=\"section bg-white p-t-0 p-b-0\" \/><div class=\"container full\"><div class=\"element images scroll-x-mobile\"><div class=\"image\"><img decoding=\"async\" src=\"https:\/\/www.camping-tournon.fr\/wp-content\/uploads\/2021\/03\/safari-voiture-ardeche-100x100.jpg\" data-src=\"https:\/\/www.camping-tournon.fr\/wp-content\/uploads\/2021\/03\/safari-voiture-ardeche.jpg\" alt=\"safari voiture ardeche\" class=\"images_image\" \/><\/div><div class=\"image\"><img decoding=\"async\" src=\"https:\/\/www.camping-tournon.fr\/wp-content\/uploads\/2021\/03\/montgolfieres-vol-100x97.jpg\" data-src=\"https:\/\/www.camping-tournon.fr\/wp-content\/uploads\/2021\/03\/montgolfieres-vol-e1616508043344.jpg\" alt=\"montgolfi\u00e8res vol\" class=\"images_image\" \/><\/div><div class=\"image\"><img decoding=\"async\" src=\"https:\/\/www.camping-tournon.fr\/wp-content\/uploads\/2021\/03\/peaugres-safari-100x79.jpg\" data-src=\"https:\/\/www.camping-tournon.fr\/wp-content\/uploads\/2021\/03\/peaugres-safari.jpg\" alt=\"peaugres safari\" class=\"images_image\" \/><\/div><div class=\"image\"><img decoding=\"async\" src=\"https:\/\/www.camping-tournon.fr\/wp-content\/uploads\/2021\/03\/chateau-tournon-100x100.jpg\" data-src=\"https:\/\/www.camping-tournon.fr\/wp-content\/uploads\/2021\/03\/chateau-tournon-e1616508068488.jpg\" alt=\"chateau tournon\" class=\"images_image\" \/><\/div><\/div><\/div><\/section>\n\n<section id=\"section-last\"\" class=\"section bg-white p-t-0 p-b-0\" \/><div class=\"container full\"><div class=\"colonnes-wrap valign-top p-t-1 p-b-1\"><div class=\"element colonne p-l-4 p-r-8 w-44 valign-self-center\"><h2 class=\"element section-title left inner-h2 droite\">Camping in der gr\u00fcnen Ardeche<\/h2><div class=\"element bloc-text justify \">\n\t<p>Nutzen Sie Ihren Aufenthalt auf dem <a href=\"\/de\/\">Camping Tournon<\/a>, um die Ard\u00e8che Verte und alle sehenswerten Orte in der N\u00e4he zu besuchen, ohne dabei einen Abstecher in die Dr\u00f4me zu machen.<\/p>\n<ul>\n<li>Bei km 0 : <strong class=\"bold color1\">La ViaRh\u00f4na<\/strong> (Radweg, der Genf mit dem Mittelmeer verbindet)<\/li>\n<li>Bei 0 km: <strong class=\"bold color1\">Tournon sur Rh\u00f4ne<\/strong> (seine Fu\u00dfg\u00e4ngerzone, seine Restaurants, seine Gesch\u00e4fte, sein Markt, sein Schloss, seine Fu\u00dfg\u00e4ngerbr\u00fccke, P\u00e2tisserie Intense mit seinem Weltmeister Bastien Girard)<\/li>\n<li>Bei km 0: Spaziergang auf dem Wasser mit dem <strong class=\"bold color1\">Boot le Canotier<\/strong><\/li>\n<li>Bei 3 km: <strong class=\"bold color1\">Der Train de l&#8217;Ard\u00e8che<\/strong> in Saint-Jean-de-Muzols<\/li>\n<li>Bei km 17: <strong class=\"bold color1\">Le V\u00e9lorail<\/strong> in Boucieu le Roi<\/li>\n<li>Bei 25 km: <strong class=\"bold color1\">Der Zoo und die Safari von Peaugres<\/strong><\/li>\n<li>Bei km 30: Abfahrt aus dem <strong class=\"bold color1\">Eyrieux-Tal<\/strong><\/li>\n<li>Bei 70 km: <strong class=\"bold color1\">Vallon Pont d&#8217;Arc<\/strong> und <strong class=\"bold color1\">die Chauvet-H\u00f6hle<\/strong><\/li>\n<\/ul>\n<\/div><\/div><div class=\"element colonne p-0 mozaique-verticale w-28\"><div class=\"element images scroll-x-mobile\"><div class=\"image\"><img decoding=\"async\" src=\"https:\/\/www.camping-tournon.fr\/wp-content\/uploads\/2021\/04\/camping-safarie-peaufres-66x100.jpg\" data-src=\"https:\/\/www.camping-tournon.fr\/wp-content\/uploads\/2021\/04\/camping-safarie-peaufres.jpg\" alt=\"camping safarie peaufres\" class=\"images_image\" \/><\/div><\/div><\/div><div class=\"element colonne p-0 p-l-1 mozaique-verticale w-28\"><div class=\"element images scroll-x-mobile\"><div class=\"image\"><img decoding=\"async\" src=\"https:\/\/www.camping-tournon.fr\/wp-content\/uploads\/2021\/03\/grotte-chauvet-100x73.jpg\" data-src=\"https:\/\/www.camping-tournon.fr\/wp-content\/uploads\/2021\/03\/grotte-chauvet.jpg\" alt=\"grotte chauvet\" class=\"images_image p-b-1\" \/><\/div><div class=\"image\"><img decoding=\"async\" src=\"https:\/\/www.camping-tournon.fr\/wp-content\/uploads\/2021\/03\/vallon-pont-darc-riviere-100x73.jpg\" data-src=\"https:\/\/www.camping-tournon.fr\/wp-content\/uploads\/2021\/03\/vallon-pont-darc-riviere.jpg\" alt=\"vallon pont darc riviere\" class=\"images_image\" \/><\/div><\/div><\/div><\/div><\/div><\/section>\n\n<section id=\"section-60521d60d6105\"\" class=\"section bg-white\" \/><div class=\"container extralarge\"><div class=\"element section-title center titre-cta deco-vague\">Die Umgebung des Campingplatzes<\/div><ul class=\"liste-de-page scroll-x-mobile\"><li class=\"element call-to-action center titre-cta deco-vague call-to-action--style-1 call-to-action--normal\"><a href=\"https:\/\/www.camping-tournon.fr\/de\/schwimmbad-tournon\/\"  class=\"call-to-action_link\" title=\"Lesen Sie mehr \u00fcber der pool\"><div class=\"call-to-action_image\"><img decoding=\"async\" src=\"https:\/\/www.camping-tournon.fr\/wp-content\/uploads\/2021\/03\/piscine-chauffee-ardeche-100x56.jpg\" data-src=\"https:\/\/www.camping-tournon.fr\/wp-content\/uploads\/2021\/03\/piscine-chauffee-ardeche.jpg\" alt=\"piscine chauff\u00e9e Ard\u00e8che\" class=\"normal\" \/><div class=\"call-to-action_contenu\"><div class=\"call-to-action_titre\">Der Pool<\/div><\/div><\/div><\/a><\/li><li class=\"element call-to-action center titre-cta deco-vague call-to-action--style-1 call-to-action--normal call-to-action--style-1 call-to-action--normal\"><a href=\"https:\/\/www.camping-tournon.fr\/de\/campingplatz-drome\/\"  class=\"call-to-action_link\" title=\"Lesen Sie mehr \u00fcber die dr\u00f4me\"><div class=\"call-to-action_image\"><img decoding=\"async\" src=\"https:\/\/www.camping-tournon.fr\/wp-content\/uploads\/2021\/03\/drome-vue-100x56.jpg\" data-src=\"https:\/\/www.camping-tournon.fr\/wp-content\/uploads\/2021\/03\/drome-vue.jpg\" alt=\"drome vue\" class=\"normal\" \/><div class=\"call-to-action_contenu\"><div class=\"call-to-action_titre\">Die Dr\u00f4me<\/div><\/div><\/div><\/a><\/li><li class=\"element call-to-action center titre-cta deco-vague call-to-action--style-1 call-to-action--normal call-to-action--style-1 call-to-action--normal call-to-action--style-1 call-to-action--normal\"><a href=\"https:\/\/www.camping-tournon.fr\/de\/camping-aktivitaten-tournon\/\"  class=\"call-to-action_link\" title=\"Lesen Sie mehr \u00fcber zu erledigende aktivit\u00e4ten\"><div class=\"call-to-action_image\"><img decoding=\"async\" src=\"https:\/\/www.camping-tournon.fr\/wp-content\/uploads\/2021\/03\/vue-paysage-rhone-100x56.jpg\" data-src=\"https:\/\/www.camping-tournon.fr\/wp-content\/uploads\/2021\/03\/vue-paysage-rhone.jpg\" alt=\"vue-paysage-rhone\" class=\"normal\" \/><div class=\"call-to-action_contenu\"><div class=\"call-to-action_titre\">Zu erledigende Aktivit\u00e4ten<\/div><\/div><\/div><\/a><\/li><\/ul><\/div><\/section>","protected":false},"excerpt":{"rendered":"","protected":false},"author":1,"featured_media":882,"parent":0,"menu_order":0,"comment_status":"closed","ping_status":"closed","template":"","meta":{"footnotes":""},"class_list":["post-1753","page","type-page","status-publish","has-post-thumbnail","hentry"],"acf":[],"yoast_head":"<!-- This site is optimized with the Yoast SEO plugin v21.9 - https:\/\/yoast.com\/wordpress\/plugins\/seo\/ -->\n<title>Camping Ard\u00e8che Verte | Aktivit\u00e4ten und Sehensw\u00fcrdigkeiten in Ard\u00e8che Verte (07)<\/title>\n<meta name=\"robots\" content=\"index, follow, max-snippet:-1, max-image-preview:large, max-video-preview:-1\" \/>\n<link rel=\"canonical\" href=\"https:\/\/www.camping-tournon.fr\/de\/campingplatz-ardeche-verte\/\" \/>\n<meta property=\"og:locale\" content=\"de_DE\" \/>\n<meta property=\"og:type\" content=\"article\" \/>\n<meta property=\"og:title\" content=\"Camping Ard\u00e8che Verte | Aktivit\u00e4ten und Sehensw\u00fcrdigkeiten in Ard\u00e8che Verte (07)\" \/>\n<meta property=\"og:url\" content=\"https:\/\/www.camping-tournon.fr\/de\/campingplatz-ardeche-verte\/\" \/>\n<meta property=\"og:site_name\" content=\"Camping Tournon\" \/>\n<meta property=\"article:modified_time\" content=\"2021-04-06T14:19:20+00:00\" \/>\n<meta property=\"og:image\" content=\"https:\/\/www.camping-tournon.fr\/wp-content\/uploads\/2021\/03\/vue-ardeche.jpg\" \/>\n\t<meta property=\"og:image:width\" content=\"1902\" \/>\n\t<meta property=\"og:image:height\" content=\"500\" \/>\n\t<meta property=\"og:image:type\" content=\"image\/jpeg\" \/>\n<meta name=\"twitter:card\" content=\"summary_large_image\" \/>\n<script type=\"application\/ld+json\" class=\"yoast-schema-graph\">{\"@context\":\"https:\/\/schema.org\",\"@graph\":[{\"@type\":\"WebPage\",\"@id\":\"https:\/\/www.camping-tournon.fr\/de\/campingplatz-ardeche-verte\/\",\"url\":\"https:\/\/www.camping-tournon.fr\/de\/campingplatz-ardeche-verte\/\",\"name\":\"Camping Ard\u00e8che Verte | Aktivit\u00e4ten und Sehensw\u00fcrdigkeiten in Ard\u00e8che Verte (07)\",\"isPartOf\":{\"@id\":\"https:\/\/www.camping-tournon.fr\/de\/#website\"},\"datePublished\":\"2021-03-16T09:15:06+00:00\",\"dateModified\":\"2021-04-06T14:19:20+00:00\",\"breadcrumb\":{\"@id\":\"https:\/\/www.camping-tournon.fr\/de\/campingplatz-ardeche-verte\/#breadcrumb\"},\"inLanguage\":\"de\",\"potentialAction\":[{\"@type\":\"ReadAction\",\"target\":[\"https:\/\/www.camping-tournon.fr\/de\/campingplatz-ardeche-verte\/\"]}]},{\"@type\":\"BreadcrumbList\",\"@id\":\"https:\/\/www.camping-tournon.fr\/de\/campingplatz-ardeche-verte\/#breadcrumb\",\"itemListElement\":[{\"@type\":\"ListItem\",\"position\":1,\"name\":\"Camping Ard\u00e8che\",\"item\":\"https:\/\/www.camping-tournon.fr\/de\/\"},{\"@type\":\"ListItem\",\"position\":2,\"name\":\"Campingplatz Ard\u00e8che Verte\"}]},{\"@type\":\"WebSite\",\"@id\":\"https:\/\/www.camping-tournon.fr\/de\/#website\",\"url\":\"https:\/\/www.camping-tournon.fr\/de\/\",\"name\":\"Camping Tournon\",\"description\":\"\",\"potentialAction\":[{\"@type\":\"SearchAction\",\"target\":{\"@type\":\"EntryPoint\",\"urlTemplate\":\"https:\/\/www.camping-tournon.fr\/de\/?s={search_term_string}\"},\"query-input\":\"required name=search_term_string\"}],\"inLanguage\":\"de\"}]}<\/script>\n<!-- \/ Yoast SEO plugin. -->","yoast_head_json":{"title":"Camping Ard\u00e8che Verte | Aktivit\u00e4ten und Sehensw\u00fcrdigkeiten in Ard\u00e8che Verte (07)","robots":{"index":"index","follow":"follow","max-snippet":"max-snippet:-1","max-image-preview":"max-image-preview:large","max-video-preview":"max-video-preview:-1"},"canonical":"https:\/\/www.camping-tournon.fr\/de\/campingplatz-ardeche-verte\/","og_locale":"de_DE","og_type":"article","og_title":"Camping Ard\u00e8che Verte | Aktivit\u00e4ten und Sehensw\u00fcrdigkeiten in Ard\u00e8che Verte (07)","og_url":"https:\/\/www.camping-tournon.fr\/de\/campingplatz-ardeche-verte\/","og_site_name":"Camping Tournon","article_modified_time":"2021-04-06T14:19:20+00:00","og_image":[{"width":1902,"height":500,"url":"https:\/\/www.camping-tournon.fr\/wp-content\/uploads\/2021\/03\/vue-ardeche.jpg","type":"image\/jpeg"}],"twitter_card":"summary_large_image","schema":{"@context":"https:\/\/schema.org","@graph":[{"@type":"WebPage","@id":"https:\/\/www.camping-tournon.fr\/de\/campingplatz-ardeche-verte\/","url":"https:\/\/www.camping-tournon.fr\/de\/campingplatz-ardeche-verte\/","name":"Camping Ard\u00e8che Verte | Aktivit\u00e4ten und Sehensw\u00fcrdigkeiten in Ard\u00e8che Verte (07)","isPartOf":{"@id":"https:\/\/www.camping-tournon.fr\/de\/#website"},"datePublished":"2021-03-16T09:15:06+00:00","dateModified":"2021-04-06T14:19:20+00:00","breadcrumb":{"@id":"https:\/\/www.camping-tournon.fr\/de\/campingplatz-ardeche-verte\/#breadcrumb"},"inLanguage":"de","potentialAction":[{"@type":"ReadAction","target":["https:\/\/www.camping-tournon.fr\/de\/campingplatz-ardeche-verte\/"]}]},{"@type":"BreadcrumbList","@id":"https:\/\/www.camping-tournon.fr\/de\/campingplatz-ardeche-verte\/#breadcrumb","itemListElement":[{"@type":"ListItem","position":1,"name":"Camping Ard\u00e8che","item":"https:\/\/www.camping-tournon.fr\/de\/"},{"@type":"ListItem","position":2,"name":"Campingplatz Ard\u00e8che Verte"}]},{"@type":"WebSite","@id":"https:\/\/www.camping-tournon.fr\/de\/#website","url":"https:\/\/www.camping-tournon.fr\/de\/","name":"Camping Tournon","description":"","potentialAction":[{"@type":"SearchAction","target":{"@type":"EntryPoint","urlTemplate":"https:\/\/www.camping-tournon.fr\/de\/?s={search_term_string}"},"query-input":"required name=search_term_string"}],"inLanguage":"de"}]}},"_links":{"self":[{"href":"https:\/\/www.camping-tournon.fr\/de\/wp-json\/wp\/v2\/pages\/1753","targetHints":{"allow":["GET"]}}],"collection":[{"href":"https:\/\/www.camping-tournon.fr\/de\/wp-json\/wp\/v2\/pages"}],"about":[{"href":"https:\/\/www.camping-tournon.fr\/de\/wp-json\/wp\/v2\/types\/page"}],"author":[{"embeddable":true,"href":"https:\/\/www.camping-tournon.fr\/de\/wp-json\/wp\/v2\/users\/1"}],"replies":[{"embeddable":true,"href":"https:\/\/www.camping-tournon.fr\/de\/wp-json\/wp\/v2\/comments?post=1753"}],"version-history":[{"count":4,"href":"https:\/\/www.camping-tournon.fr\/de\/wp-json\/wp\/v2\/pages\/1753\/revisions"}],"predecessor-version":[{"id":1950,"href":"https:\/\/www.camping-tournon.fr\/de\/wp-json\/wp\/v2\/pages\/1753\/revisions\/1950"}],"wp:featuredmedia":[{"embeddable":true,"href":"https:\/\/www.camping-tournon.fr\/de\/wp-json\/wp\/v2\/media\/882"}],"wp:attachment":[{"href":"https:\/\/www.camping-tournon.fr\/de\/wp-json\/wp\/v2\/media?parent=1753"}],"curies":[{"name":"wp","href":"https:\/\/api.w.org\/{rel}","templated":true}]}}